{"id":1328,"date":"2023-07-10T10:51:13","date_gmt":"2023-07-10T08:51:13","guid":{"rendered":"https:\/\/www.mia-solutions.ch\/?page_id=1328"},"modified":"2023-09-21T09:08:09","modified_gmt":"2023-09-21T07:08:09","slug":"protection-des-donnees","status":"publish","type":"page","link":"https:\/\/www.mia-solutions.ch\/fr\/protection-des-donnees\/","title":{"rendered":"Protection des donn\u00e9es"},"content":{"rendered":"\t\t<div data-elementor-type=\"wp-page\" data-elementor-id=\"1328\" class=\"elementor elementor-1328 elementor-137\" data-elementor-post-type=\"page\">\n\t\t\t\t\t\t<section data-particle_enable=\"false\" data-particle-mobile-disabled=\"false\" class=\"elementor-section elementor-top-section elementor-element elementor-element-da39dc7 elementor-section-boxed elementor-section-height-default elementor-section-height-default\" data-id=\"da39dc7\" data-element_type=\"section\">\n\t\t\t\t\t\t<div class=\"elementor-container elementor-column-gap-default\">\n\t\t\t\t\t<div class=\" elementor-column elementor-col-33 elementor-top-column elementor-element elementor-element-c7f975a elementor-hidden-tablet elementor-hidden-mobile\" data-fullscreen-column-settings=\"{&quot;fullscreen&quot;:&quot;&quot;}\" data-id=\"c7f975a\" data-element_type=\"column\">\n\t\t\t<div class=\"elementor-widget-wrap\">\n\t\t\t\t\t\t\t<\/div>\n\t\t<\/div>\n\t\t\t\t<div class=\" elementor-column elementor-col-33 elementor-top-column elementor-element elementor-element-a166c02\" data-fullscreen-column-settings=\"{&quot;fullscreen&quot;:&quot;&quot;}\" data-id=\"a166c02\" data-element_type=\"column\">\n\t\t\t<div class=\"elementor-widget-wrap elementor-element-populated\">\n\t\t\t\t\t\t<div class=\"elementor-element elementor-element-5361311 elementor-widget elementor-widget-heading\" data-id=\"5361311\" data-element_type=\"widget\" data-widget_type=\"heading.default\">\n\t\t\t\t<div class=\"elementor-widget-container\">\n\t\t\t\t\t<h1 class=\"elementor-heading-title elementor-size-default\">Protection des donn\u00e9es<\/h1>\t\t\t\t<\/div>\n\t\t\t\t<\/div>\n\t\t\t\t<div class=\"elementor-element elementor-element-b16a3c8 elementor-widget elementor-widget-heading\" data-id=\"b16a3c8\" data-element_type=\"widget\" data-widget_type=\"heading.default\">\n\t\t\t\t<div class=\"elementor-widget-container\">\n\t\t\t\t\t<h2 class=\"elementor-heading-title elementor-size-default\">D\u00e9claration de confidentialit\u00e9<\/h2>\t\t\t\t<\/div>\n\t\t\t\t<\/div>\n\t\t\t\t<div class=\"elementor-element elementor-element-49f27b5 elementor-widget elementor-widget-text-editor\" data-id=\"49f27b5\" data-element_type=\"widget\" data-widget_type=\"text-editor.default\">\n\t\t\t\t<div class=\"elementor-widget-container\">\n\t\t\t\t\t\t\t\t\t<p>Le service responsable au sens des lois sur la protection des donn\u00e9es, en particulier du r\u00e8glement g\u00e9n\u00e9ral sur la protection des donn\u00e9es (RGPD) de l&rsquo;UE, est :<\/p><p>FORS AG<br \/>Schaftenholzweg 8<br \/>2557 Studen (BE)<br \/>T\u00e9l.: +41 32 374 26 26<br \/>info@fors.ch<\/p>\t\t\t\t\t\t\t\t<\/div>\n\t\t\t\t<\/div>\n\t\t\t\t<div class=\"elementor-element elementor-element-c6c7247 elementor-widget elementor-widget-heading\" data-id=\"c6c7247\" data-element_type=\"widget\" data-widget_type=\"heading.default\">\n\t\t\t\t<div class=\"elementor-widget-container\">\n\t\t\t\t\t<h2 class=\"elementor-heading-title elementor-size-default\">Remarque g\u00e9n\u00e9rale<\/h2>\t\t\t\t<\/div>\n\t\t\t\t<\/div>\n\t\t\t\t<div class=\"elementor-element elementor-element-8924c40 elementor-widget elementor-widget-text-editor\" data-id=\"8924c40\" data-element_type=\"widget\" data-widget_type=\"text-editor.default\">\n\t\t\t\t<div class=\"elementor-widget-container\">\n\t\t\t\t\t\t\t\t\t<p>En vertu de l&rsquo;article 13 de la Constitution f\u00e9d\u00e9rale suisse et des dispositions f\u00e9d\u00e9rales relatives \u00e0 la protection des donn\u00e9es (loi sur la protection des donn\u00e9es, LPD), toute personne a droit \u00e0 la protection de sa sph\u00e8re priv\u00e9e ainsi qu&rsquo;\u00e0 la protection contre l&#8217;emploi abusif de ses donn\u00e9es personnelles. Les exploitants de ces pages prennent la protection de vos donn\u00e9es personnelles tr\u00e8s au s\u00e9rieux. Nous traitons vos donn\u00e9es personnelles de mani\u00e8re confidentielle et conform\u00e9ment aux dispositions l\u00e9gales en mati\u00e8re de protection des donn\u00e9es ainsi qu&rsquo;\u00e0 la pr\u00e9sente d\u00e9claration de protection des donn\u00e9es. En collaboration avec nos fournisseurs d&rsquo;h\u00e9bergement, nous nous effor\u00e7ons de prot\u00e9ger autant que possible les bases de donn\u00e9es contre les acc\u00e8s \u00e9trangers, les pertes, les abus ou les falsifications.<br \/>Nous attirons votre attention sur le fait que la transmission de donn\u00e9es sur Internet (par ex. lors de la communication par e-mail) peut pr\u00e9senter des failles de s\u00e9curit\u00e9. Une protection compl\u00e8te des donn\u00e9es contre l&rsquo;acc\u00e8s par des tiers n&rsquo;est pas possible.<\/p><p>En utilisant ce site web, vous acceptez la collecte, le traitement et l&rsquo;utilisation de donn\u00e9es conform\u00e9ment \u00e0 la description ci-dessous. Ce site web peut en principe \u00eatre visit\u00e9 sans enregistrement. Les donn\u00e9es telles que les pages appel\u00e9es ou le nom du fichier consult\u00e9, la date et l&rsquo;heure sont enregistr\u00e9es sur le serveur \u00e0 des fins statistiques, sans que ces donn\u00e9es ne soient directement li\u00e9es \u00e0 votre personne. Les donn\u00e9es personnelles, en particulier le nom, l&rsquo;adresse ou l&rsquo;adresse e-mail, sont collect\u00e9es, dans la mesure du possible, sur une base volontaire. Sans votre consentement, ces donn\u00e9es ne sont pas transmises \u00e0 des tiers.<\/p>\t\t\t\t\t\t\t\t<\/div>\n\t\t\t\t<\/div>\n\t\t\t\t<div class=\"elementor-element elementor-element-0784b49 elementor-widget elementor-widget-heading\" data-id=\"0784b49\" data-element_type=\"widget\" data-widget_type=\"heading.default\">\n\t\t\t\t<div class=\"elementor-widget-container\">\n\t\t\t\t\t<h2 class=\"elementor-heading-title elementor-size-default\">Traitement des donn\u00e9es personnelles<\/h2>\t\t\t\t<\/div>\n\t\t\t\t<\/div>\n\t\t\t\t<div class=\"elementor-element elementor-element-5c007da elementor-widget elementor-widget-text-editor\" data-id=\"5c007da\" data-element_type=\"widget\" data-widget_type=\"text-editor.default\">\n\t\t\t\t<div class=\"elementor-widget-container\">\n\t\t\t\t\t\t\t\t\t<p>Les donn\u00e9es personnelles sont toutes les donn\u00e9es qui se rapportent \u00e0 une personne identifi\u00e9e ou identifiable. Une personne concern\u00e9e est une personne au sujet de laquelle des donn\u00e9es personnelles sont trait\u00e9es. Le traitement comprend toute manipulation de donn\u00e9es personnelles, ind\u00e9pendamment des moyens et des proc\u00e9dures utilis\u00e9s, en particulier la conservation, la communication, la collecte, l&rsquo;effacement, l&rsquo;enregistrement, la modification, la destruction et l&rsquo;utilisation de donn\u00e9es personnelles.<br \/>Nous traitons les donn\u00e9es personnelles en conformit\u00e9 avec le droit suisse de la protection des donn\u00e9es. Par ailleurs, nous traitons &#8211; dans la mesure o\u00f9 le RGPD de l&rsquo;UE est applicable &#8211; les donn\u00e9es personnelles conform\u00e9ment aux bases juridiques suivantes en relation avec l&rsquo;art. 6, al. 1 du RGPD :<\/p><ul><li>lit. a) Traitement de donn\u00e9es personnelles avec le consentement de la personne concern\u00e9e.<\/li><li>let. b) Traitement de donn\u00e9es personnelles en vue de l&rsquo;ex\u00e9cution d&rsquo;un contrat avec la personne concern\u00e9e ainsi que de l&rsquo;ex\u00e9cution de mesures pr\u00e9contractuelles correspondantes.<\/li><li>let. c) Traitement de donn\u00e9es personnelles pour remplir une obligation l\u00e9gale \u00e0 laquelle nous sommes soumis conform\u00e9ment au droit \u00e9ventuellement applicable de l&rsquo;UE ou au droit \u00e9ventuellement applicable d&rsquo;un pays dans lequel le RGPD est enti\u00e8rement ou partiellement applicable.<\/li><li>lit. d) Traitement de donn\u00e9es personnelles afin de prot\u00e9ger les int\u00e9r\u00eats vitaux de la personne concern\u00e9e ou d&rsquo;une autre personne physique.<\/li><li>let. f) traitement de donn\u00e9es personnelles afin de sauvegarder nos int\u00e9r\u00eats l\u00e9gitimes ou ceux de tiers, dans la mesure o\u00f9 les libert\u00e9s et les droits fondamentaux ainsi que les int\u00e9r\u00eats de la personne concern\u00e9e ne pr\u00e9valent pas.<\/li><\/ul><p>Les int\u00e9r\u00eats l\u00e9gitimes sont notamment notre int\u00e9r\u00eat \u00e9conomique \u00e0 pouvoir mettre notre site web \u00e0 disposition, la s\u00e9curit\u00e9 des informations, l&rsquo;application de nos propres droits juridiques et le respect du droit suisse.<\/p><p>Nous traitons les donn\u00e9es personnelles pendant la dur\u00e9e n\u00e9cessaire \u00e0 l&rsquo;objectif ou aux objectifs en question. En cas d&rsquo;obligation de conservation plus longue en raison d&rsquo;obligations l\u00e9gales ou autres auxquelles nous sommes soumis, nous limitons le traitement en cons\u00e9quence.<\/p>\t\t\t\t\t\t\t\t<\/div>\n\t\t\t\t<\/div>\n\t\t\t\t<div class=\"elementor-element elementor-element-43fa2a3 elementor-widget elementor-widget-heading\" data-id=\"43fa2a3\" data-element_type=\"widget\" data-widget_type=\"heading.default\">\n\t\t\t\t<div class=\"elementor-widget-container\">\n\t\t\t\t\t<h2 class=\"elementor-heading-title elementor-size-default\">D\u00e9claration de confidentialit\u00e9 pour les cookies<\/h2>\t\t\t\t<\/div>\n\t\t\t\t<\/div>\n\t\t\t\t<div class=\"elementor-element elementor-element-d11ec79 elementor-widget elementor-widget-text-editor\" data-id=\"d11ec79\" data-element_type=\"widget\" data-widget_type=\"text-editor.default\">\n\t\t\t\t<div class=\"elementor-widget-container\">\n\t\t\t\t\t\t\t\t\t<p>Ce site web utilise des cookies. Il s&rsquo;agit de petits fichiers texte qui permettent d&rsquo;enregistrer sur le terminal de l&rsquo;utilisateur des informations sp\u00e9cifiques \u00e0 ce dernier lorsqu&rsquo;il utilise le site web. Les cookies permettent notamment de d\u00e9terminer la fr\u00e9quence d&rsquo;utilisation et le nombre d&rsquo;utilisateurs des pages, d&rsquo;analyser les comportements d&rsquo;utilisation des pages, mais aussi de concevoir notre offre de mani\u00e8re plus conviviale. Les cookies restent enregistr\u00e9s apr\u00e8s la fin d&rsquo;une session de navigation et peuvent \u00eatre consult\u00e9s lors d&rsquo;une nouvelle visite du site. Si vous ne le souhaitez pas, vous devez configurer votre navigateur Internet de mani\u00e8re \u00e0 ce qu&rsquo;il refuse les cookies.<br \/>Une opposition g\u00e9n\u00e9rale \u00e0 l&rsquo;utilisation des cookies utilis\u00e9s \u00e0 des fins de marketing en ligne peut \u00eatre d\u00e9clar\u00e9e pour un grand nombre de services, surtout dans le cas du tracking, via le site am\u00e9ricain http:\/\/www.aboutads.info\/choices ou le site de l&rsquo;UE http:\/\/www.youronlinechoices.com. En outre, il est possible d&#8217;emp\u00eacher l&rsquo;enregistrement de cookies en les d\u00e9sactivant dans les param\u00e8tres du navigateur. Veuillez noter que dans ce cas, il se peut que vous ne puissiez pas utiliser toutes les fonctions de cette offre en ligne.<\/p>\t\t\t\t\t\t\t\t<\/div>\n\t\t\t\t<\/div>\n\t\t\t\t<div class=\"elementor-element elementor-element-6057d7e elementor-widget elementor-widget-heading\" data-id=\"6057d7e\" data-element_type=\"widget\" data-widget_type=\"heading.default\">\n\t\t\t\t<div class=\"elementor-widget-container\">\n\t\t\t\t\t<h2 class=\"elementor-heading-title elementor-size-default\">D\u00e9claration de confidentialit\u00e9 pour le formulaire de contact<\/h2>\t\t\t\t<\/div>\n\t\t\t\t<\/div>\n\t\t\t\t<div class=\"elementor-element elementor-element-5b296fd elementor-widget elementor-widget-text-editor\" data-id=\"5b296fd\" data-element_type=\"widget\" data-widget_type=\"text-editor.default\">\n\t\t\t\t<div class=\"elementor-widget-container\">\n\t\t\t\t\t\t\t\t\t<p>Si vous nous faites parvenir des demandes par le biais du formulaire de contact, les informations que vous avez fournies dans le formulaire de demande, y compris les donn\u00e9es de contact que vous y avez indiqu\u00e9es, sont enregistr\u00e9es chez nous \u00e0 des fins de traitement de la demande et en cas de questions de suivi. Nous ne transmettons pas ces donn\u00e9es sans votre consentement.<\/p>\t\t\t\t\t\t\t\t<\/div>\n\t\t\t\t<\/div>\n\t\t\t\t<div class=\"elementor-element elementor-element-02a6ba7 elementor-widget elementor-widget-heading\" data-id=\"02a6ba7\" data-element_type=\"widget\" data-widget_type=\"heading.default\">\n\t\t\t\t<div class=\"elementor-widget-container\">\n\t\t\t\t\t<h2 class=\"elementor-heading-title elementor-size-default\">D\u00e9claration de confidentialit\u00e9 pour Google Analytics<\/h2>\t\t\t\t<\/div>\n\t\t\t\t<\/div>\n\t\t\t\t<div class=\"elementor-element elementor-element-37a38ed elementor-widget elementor-widget-text-editor\" data-id=\"37a38ed\" data-element_type=\"widget\" data-widget_type=\"text-editor.default\">\n\t\t\t\t<div class=\"elementor-widget-container\">\n\t\t\t\t\t\t\t\t\t<p>Ce site web utilise Google Analytics, un service d&rsquo;analyse web de Google Inc., 1600 Amphitheatre Parkway, Mountain View, CA 94043, USA. Pour d\u00e9sactiver Google Analytics, Google met \u00e0 disposition un plug-in de navigateur \u00e0 l&rsquo;adresse https:\/\/tools.google.com\/dlpage\/gaoptout?hl=de. Google Analytics utilise des cookies. Il s&rsquo;agit de petits fichiers texte qui permettent d&rsquo;enregistrer sur le terminal de l&rsquo;utilisateur des informations sp\u00e9cifiques \u00e0 ce dernier. Ils permettent \u00e0 Google d&rsquo;analyser l&rsquo;utilisation de l&rsquo;offre de notre site web. Les informations recueillies par le cookie sur l&rsquo;utilisation de nos pages (y compris votre adresse IP) sont g\u00e9n\u00e9ralement transmises \u00e0 un serveur de Google aux \u00c9tats-Unis et y sont enregistr\u00e9es. Nous attirons votre attention sur le fait que sur ce site, Google Analytics a \u00e9t\u00e9 compl\u00e9t\u00e9 par le code \u00ab\u00a0gat._anonymizeIp() ;\u00a0\u00bb afin de garantir une saisie anonyme des adresses IP (ce que l&rsquo;on appelle le masquage IP). Si l&rsquo;anonymisation est activ\u00e9e, Google raccourcit les adresses IP dans les \u00c9tats membres de l&rsquo;Union europ\u00e9enne ou dans d&rsquo;autres \u00c9tats signataires de l&rsquo;accord sur l&rsquo;Espace \u00e9conomique europ\u00e9en, ce qui emp\u00eache toute d\u00e9duction sur votre identit\u00e9. Ce n&rsquo;est que dans des cas exceptionnels que l&rsquo;adresse IP compl\u00e8te est transmise \u00e0 un serveur de Google aux \u00c9tats-Unis et y est raccourcie. Google respecte les dispositions relatives \u00e0 la protection des donn\u00e9es de l&rsquo;accord \u00ab\u00a0Privacy Shield\u00a0\u00bb et est enregistr\u00e9 aupr\u00e8s du programme \u00ab\u00a0Privacy Shield\u00a0\u00bb du minist\u00e8re am\u00e9ricain du commerce. Il utilise les informations collect\u00e9es pour \u00e9valuer l&rsquo;utilisation de nos sites web, r\u00e9diger des rapports \u00e0 notre intention et nous fournir d&rsquo;autres prestations de service \u00e0 ce sujet. Pour en savoir plus, rendez-vous sur https:\/\/support.google.com\/analytics\/answer\/6004245?hl=de.<\/p>\t\t\t\t\t\t\t\t<\/div>\n\t\t\t\t<\/div>\n\t\t\t\t<div class=\"elementor-element elementor-element-f196bf8 elementor-widget elementor-widget-heading\" data-id=\"f196bf8\" data-element_type=\"widget\" data-widget_type=\"heading.default\">\n\t\t\t\t<div class=\"elementor-widget-container\">\n\t\t\t\t\t<h2 class=\"elementor-heading-title elementor-size-default\">Modifications<\/h2>\t\t\t\t<\/div>\n\t\t\t\t<\/div>\n\t\t\t\t<div class=\"elementor-element elementor-element-3ffa247 elementor-widget elementor-widget-text-editor\" data-id=\"3ffa247\" data-element_type=\"widget\" data-widget_type=\"text-editor.default\">\n\t\t\t\t<div class=\"elementor-widget-container\">\n\t\t\t\t\t\t\t\t\t<p>Nous pouvons adapter cette d\u00e9claration de protection des donn\u00e9es \u00e0 tout moment et sans pr\u00e9avis. La version actuelle publi\u00e9e sur notre site web fait foi. Si la d\u00e9claration de protection des donn\u00e9es fait partie d&rsquo;un accord avec vous, nous vous informerons de la modification par e-mail ou par tout autre moyen appropri\u00e9 en cas de mise \u00e0 jour.<\/p>\t\t\t\t\t\t\t\t<\/div>\n\t\t\t\t<\/div>\n\t\t\t\t<div class=\"elementor-element elementor-element-d147b7d elementor-widget elementor-widget-heading\" data-id=\"d147b7d\" data-element_type=\"widget\" data-widget_type=\"heading.default\">\n\t\t\t\t<div class=\"elementor-widget-container\">\n\t\t\t\t\t<h2 class=\"elementor-heading-title elementor-size-default\">Questions au d\u00e9l\u00e9gu\u00e9 \u00e0 la protection des donn\u00e9es<\/h2>\t\t\t\t<\/div>\n\t\t\t\t<\/div>\n\t\t\t\t<div class=\"elementor-element elementor-element-7295873 elementor-widget elementor-widget-text-editor\" data-id=\"7295873\" data-element_type=\"widget\" data-widget_type=\"text-editor.default\">\n\t\t\t\t<div class=\"elementor-widget-container\">\n\t\t\t\t\t\t\t\t\t<p>Si vous avez des questions concernant la protection des donn\u00e9es, veuillez nous envoyer un e-mail ou vous adresser directement \u00e0 la personne responsable de la protection des donn\u00e9es au sein de notre organisation, dont la liste figure au d\u00e9but de la pr\u00e9sente d\u00e9claration de confidentialit\u00e9.<\/p><p>Studen (BE), septembre 2022<\/p>\t\t\t\t\t\t\t\t<\/div>\n\t\t\t\t<\/div>\n\t\t\t\t\t<\/div>\n\t\t<\/div>\n\t\t\t\t<div class=\" elementor-column elementor-col-33 elementor-top-column elementor-element elementor-element-7523317 elementor-hidden-tablet elementor-hidden-mobile\" data-fullscreen-column-settings=\"{&quot;fullscreen&quot;:&quot;&quot;}\" data-id=\"7523317\" data-element_type=\"column\">\n\t\t\t<div class=\"elementor-widget-wrap\">\n\t\t\t\t\t\t\t<\/div>\n\t\t<\/div>\n\t\t\t\t\t<\/div>\n\t\t<\/section>\n\t\t\t\t<\/div>\n\t\t","protected":false},"excerpt":{"rendered":"<p>Protection des donn\u00e9es D\u00e9claration de confidentialit\u00e9 Le service responsable au sens des lois sur la protection des donn\u00e9es, en particulier du r\u00e8glement g\u00e9n\u00e9ral sur la protection des donn\u00e9es (RGPD) de l&rsquo;UE, est : FORS AGSchaftenholzweg 82557 Studen (BE)T\u00e9l.: +41 32 374 26 26info@fors.ch Remarque g\u00e9n\u00e9rale En vertu de l&rsquo;article 13 de la Constitution f\u00e9d\u00e9rale suisse [&hellip;]<\/p>\n","protected":false},"author":1,"featured_media":0,"parent":0,"menu_order":0,"comment_status":"closed","ping_status":"closed","template":"","meta":{"footnotes":""},"class_list":["post-1328","page","type-page","status-publish","hentry"],"yoast_head":"<!-- This site is optimized with the Yoast SEO plugin v25.7 - https:\/\/yoast.com\/wordpress\/plugins\/seo\/ -->\n<title>Protection des donn\u00e9es - Mia-Solutions<\/title>\n<meta name=\"robots\" content=\"index, follow, max-snippet:-1, max-image-preview:large, max-video-preview:-1\" \/>\n<link rel=\"canonical\" href=\"https:\/\/www.mia-solutions.ch\/fr\/protection-des-donnees\/\" \/>\n<meta property=\"og:locale\" content=\"fr_FR\" \/>\n<meta property=\"og:type\" content=\"article\" \/>\n<meta property=\"og:title\" content=\"Protection des donn\u00e9es - Mia-Solutions\" \/>\n<meta property=\"og:description\" content=\"Protection des donn\u00e9es D\u00e9claration de confidentialit\u00e9 Le service responsable au sens des lois sur la protection des donn\u00e9es, en particulier du r\u00e8glement g\u00e9n\u00e9ral sur la protection des donn\u00e9es (RGPD) de l&rsquo;UE, est : FORS AGSchaftenholzweg 82557 Studen (BE)T\u00e9l.: +41 32 374 26 26info@fors.ch Remarque g\u00e9n\u00e9rale En vertu de l&rsquo;article 13 de la Constitution f\u00e9d\u00e9rale suisse [&hellip;]\" \/>\n<meta property=\"og:url\" content=\"https:\/\/www.mia-solutions.ch\/fr\/protection-des-donnees\/\" \/>\n<meta property=\"og:site_name\" content=\"Mia-Solutions\" \/>\n<meta property=\"article:modified_time\" content=\"2023-09-21T07:08:09+00:00\" \/>\n<meta name=\"twitter:card\" content=\"summary_large_image\" \/>\n<meta name=\"twitter:label1\" content=\"Dur\u00e9e de lecture estim\u00e9e\" \/>\n\t<meta name=\"twitter:data1\" content=\"7 minutes\" \/>\n<script type=\"application\/ld+json\" class=\"yoast-schema-graph\">{\"@context\":\"https:\/\/schema.org\",\"@graph\":[{\"@type\":\"WebPage\",\"@id\":\"https:\/\/www.mia-solutions.ch\/fr\/protection-des-donnees\/\",\"url\":\"https:\/\/www.mia-solutions.ch\/fr\/protection-des-donnees\/\",\"name\":\"Protection des donn\u00e9es - Mia-Solutions\",\"isPartOf\":{\"@id\":\"https:\/\/www.mia-solutions.ch\/fr\/#website\"},\"datePublished\":\"2023-07-10T08:51:13+00:00\",\"dateModified\":\"2023-09-21T07:08:09+00:00\",\"breadcrumb\":{\"@id\":\"https:\/\/www.mia-solutions.ch\/fr\/protection-des-donnees\/#breadcrumb\"},\"inLanguage\":\"fr-FR\",\"potentialAction\":[{\"@type\":\"ReadAction\",\"target\":[\"https:\/\/www.mia-solutions.ch\/fr\/protection-des-donnees\/\"]}]},{\"@type\":\"BreadcrumbList\",\"@id\":\"https:\/\/www.mia-solutions.ch\/fr\/protection-des-donnees\/#breadcrumb\",\"itemListElement\":[{\"@type\":\"ListItem\",\"position\":1,\"name\":\"Startseite\",\"item\":\"https:\/\/www.mia-solutions.ch\/fr\/\"},{\"@type\":\"ListItem\",\"position\":2,\"name\":\"Protection des donn\u00e9es\"}]},{\"@type\":\"WebSite\",\"@id\":\"https:\/\/www.mia-solutions.ch\/fr\/#website\",\"url\":\"https:\/\/www.mia-solutions.ch\/fr\/\",\"name\":\"Mia-Solutions\",\"description\":\"\",\"publisher\":{\"@id\":\"https:\/\/www.mia-solutions.ch\/fr\/#organization\"},\"potentialAction\":[{\"@type\":\"SearchAction\",\"target\":{\"@type\":\"EntryPoint\",\"urlTemplate\":\"https:\/\/www.mia-solutions.ch\/fr\/?s={search_term_string}\"},\"query-input\":{\"@type\":\"PropertyValueSpecification\",\"valueRequired\":true,\"valueName\":\"search_term_string\"}}],\"inLanguage\":\"fr-FR\"},{\"@type\":\"Organization\",\"@id\":\"https:\/\/www.mia-solutions.ch\/fr\/#organization\",\"name\":\"FORS AG\",\"url\":\"https:\/\/www.mia-solutions.ch\/fr\/\",\"logo\":{\"@type\":\"ImageObject\",\"inLanguage\":\"fr-FR\",\"@id\":\"https:\/\/www.mia-solutions.ch\/fr\/#\/schema\/logo\/image\/\",\"url\":\"https:\/\/www.mia-solutions.ch\/wp-content\/uploads\/2023\/06\/mia_logo.png\",\"contentUrl\":\"https:\/\/www.mia-solutions.ch\/wp-content\/uploads\/2023\/06\/mia_logo.png\",\"width\":1000,\"height\":680,\"caption\":\"FORS AG\"},\"image\":{\"@id\":\"https:\/\/www.mia-solutions.ch\/fr\/#\/schema\/logo\/image\/\"}}]}<\/script>\n<!-- \/ Yoast SEO plugin. -->","yoast_head_json":{"title":"Protection des donn\u00e9es - Mia-Solutions","robots":{"index":"index","follow":"follow","max-snippet":"max-snippet:-1","max-image-preview":"max-image-preview:large","max-video-preview":"max-video-preview:-1"},"canonical":"https:\/\/www.mia-solutions.ch\/fr\/protection-des-donnees\/","og_locale":"fr_FR","og_type":"article","og_title":"Protection des donn\u00e9es - Mia-Solutions","og_description":"Protection des donn\u00e9es D\u00e9claration de confidentialit\u00e9 Le service responsable au sens des lois sur la protection des donn\u00e9es, en particulier du r\u00e8glement g\u00e9n\u00e9ral sur la protection des donn\u00e9es (RGPD) de l&rsquo;UE, est : FORS AGSchaftenholzweg 82557 Studen (BE)T\u00e9l.: +41 32 374 26 26info@fors.ch Remarque g\u00e9n\u00e9rale En vertu de l&rsquo;article 13 de la Constitution f\u00e9d\u00e9rale suisse [&hellip;]","og_url":"https:\/\/www.mia-solutions.ch\/fr\/protection-des-donnees\/","og_site_name":"Mia-Solutions","article_modified_time":"2023-09-21T07:08:09+00:00","twitter_card":"summary_large_image","twitter_misc":{"Dur\u00e9e de lecture estim\u00e9e":"7 minutes"},"schema":{"@context":"https:\/\/schema.org","@graph":[{"@type":"WebPage","@id":"https:\/\/www.mia-solutions.ch\/fr\/protection-des-donnees\/","url":"https:\/\/www.mia-solutions.ch\/fr\/protection-des-donnees\/","name":"Protection des donn\u00e9es - Mia-Solutions","isPartOf":{"@id":"https:\/\/www.mia-solutions.ch\/fr\/#website"},"datePublished":"2023-07-10T08:51:13+00:00","dateModified":"2023-09-21T07:08:09+00:00","breadcrumb":{"@id":"https:\/\/www.mia-solutions.ch\/fr\/protection-des-donnees\/#breadcrumb"},"inLanguage":"fr-FR","potentialAction":[{"@type":"ReadAction","target":["https:\/\/www.mia-solutions.ch\/fr\/protection-des-donnees\/"]}]},{"@type":"BreadcrumbList","@id":"https:\/\/www.mia-solutions.ch\/fr\/protection-des-donnees\/#breadcrumb","itemListElement":[{"@type":"ListItem","position":1,"name":"Startseite","item":"https:\/\/www.mia-solutions.ch\/fr\/"},{"@type":"ListItem","position":2,"name":"Protection des donn\u00e9es"}]},{"@type":"WebSite","@id":"https:\/\/www.mia-solutions.ch\/fr\/#website","url":"https:\/\/www.mia-solutions.ch\/fr\/","name":"Mia-Solutions","description":"","publisher":{"@id":"https:\/\/www.mia-solutions.ch\/fr\/#organization"},"potentialAction":[{"@type":"SearchAction","target":{"@type":"EntryPoint","urlTemplate":"https:\/\/www.mia-solutions.ch\/fr\/?s={search_term_string}"},"query-input":{"@type":"PropertyValueSpecification","valueRequired":true,"valueName":"search_term_string"}}],"inLanguage":"fr-FR"},{"@type":"Organization","@id":"https:\/\/www.mia-solutions.ch\/fr\/#organization","name":"FORS AG","url":"https:\/\/www.mia-solutions.ch\/fr\/","logo":{"@type":"ImageObject","inLanguage":"fr-FR","@id":"https:\/\/www.mia-solutions.ch\/fr\/#\/schema\/logo\/image\/","url":"https:\/\/www.mia-solutions.ch\/wp-content\/uploads\/2023\/06\/mia_logo.png","contentUrl":"https:\/\/www.mia-solutions.ch\/wp-content\/uploads\/2023\/06\/mia_logo.png","width":1000,"height":680,"caption":"FORS AG"},"image":{"@id":"https:\/\/www.mia-solutions.ch\/fr\/#\/schema\/logo\/image\/"}}]}},"_links":{"self":[{"href":"https:\/\/www.mia-solutions.ch\/fr\/wp-json\/wp\/v2\/pages\/1328","targetHints":{"allow":["GET"]}}],"collection":[{"href":"https:\/\/www.mia-solutions.ch\/fr\/wp-json\/wp\/v2\/pages"}],"about":[{"href":"https:\/\/www.mia-solutions.ch\/fr\/wp-json\/wp\/v2\/types\/page"}],"author":[{"embeddable":true,"href":"https:\/\/www.mia-solutions.ch\/fr\/wp-json\/wp\/v2\/users\/1"}],"replies":[{"embeddable":true,"href":"https:\/\/www.mia-solutions.ch\/fr\/wp-json\/wp\/v2\/comments?post=1328"}],"version-history":[{"count":7,"href":"https:\/\/www.mia-solutions.ch\/fr\/wp-json\/wp\/v2\/pages\/1328\/revisions"}],"predecessor-version":[{"id":2649,"href":"https:\/\/www.mia-solutions.ch\/fr\/wp-json\/wp\/v2\/pages\/1328\/revisions\/2649"}],"wp:attachment":[{"href":"https:\/\/www.mia-solutions.ch\/fr\/wp-json\/wp\/v2\/media?parent=1328"}],"curies":[{"name":"wp","href":"https:\/\/api.w.org\/{rel}","templated":true}]}}